{"id":445,"date":"2023-04-13T08:08:42","date_gmt":"2023-04-13T06:08:42","guid":{"rendered":"https:\/\/vulkania.education\/?page_id=445"},"modified":"2024-06-25T12:12:19","modified_gmt":"2024-06-25T10:12:19","slug":"jobs-und-ausbildung-3","status":"publish","type":"page","link":"https:\/\/vulkania.education\/?page_id=445","title":{"rendered":"Jobs und Ausbildung"},"content":{"rendered":"\n<p class=\"has-drop-cap has-text-align-left has-background\" style=\"background-color:#f3f3f3\">Stillstand bedeutet R\u00fcckschritt. Daher wollen wir immer besser werden &#8211; gemeinsam mit Ihnen. <br>Sie sind an einer <strong>Ausbildung<\/strong> interessiert? Dann erwarten wir Ihre aussagekr\u00e4ftige Bewerbung (mit Lichtbild und Lebenslauf) als PDF-Datei per E-Mail an den Leiter unserer Personalabteilung, Herrn Luft:<br><br>                             <strong>thomas.luft@vogelsbergkreis.de<\/strong><\/p>\n\n\n\n<p><\/p>\n\n\n\n<p class=\"has-medium-font-size\"><strong>Derzeit bieten wir folgende Ausbildungs- und Praktikumspl\u00e4tze:<\/strong><\/p>\n\n\n\n<div class=\"wp-block-media-text alignwide is-stacked-on-mobile is-vertically-aligned-top\" style=\"grid-template-columns:32% auto\"><figure class=\"wp-block-media-text__media\"><img loading=\"lazy\" decoding=\"async\" width=\"640\" height=\"426\" src=\"https:\/\/vulkania.education\/wp-content\/uploads\/2021\/03\/tools-2209756_640-1.jpg\" alt=\"\" class=\"wp-image-318 size-full\" srcset=\"https:\/\/vulkania.education\/wp-content\/uploads\/2021\/03\/tools-2209756_640-1.jpg 640w, https:\/\/vulkania.education\/wp-content\/uploads\/2021\/03\/tools-2209756_640-1-300x200.jpg 300w, https:\/\/vulkania.education\/wp-content\/uploads\/2021\/03\/tools-2209756_640-1-350x233.jpg 350w\" sizes=\"auto, (max-width: 640px) 100vw, 640px\" \/><\/figure><div class=\"wp-block-media-text__content\">\n<p class=\"has-background\" style=\"background-color:#f3f3f3\"><strong>Zimmerer (m\/w\/d)<\/strong> und<br><strong>Dachdecker (m\/w\/d) <\/strong>f\u00fcr unser Stammwerk in Grebenhain gesucht. Hier werden nach wie vor exklusive Fertigh\u00e4user geplant und realisiert. <br>Angeboten werden auch <strong>Praktikumspl\u00e4tze im Bereich Architektur.<\/strong><\/p>\n\n\n\n<p><\/p>\n<\/div><\/div>\n\n\n\n<div class=\"wp-block-columns is-layout-flex wp-container-core-columns-is-layout-9d6595d7 wp-block-columns-is-layout-flex\">\n<div class=\"wp-block-column is-layout-flow wp-block-column-is-layout-flow\" style=\"flex-basis:100%\">\n<div class=\"wp-block-media-text alignwide is-stacked-on-mobile is-vertically-aligned-top\" style=\"grid-template-columns:33% auto\"><figure class=\"wp-block-media-text__media\"><img loading=\"lazy\" decoding=\"async\" width=\"640\" height=\"480\" src=\"https:\/\/vulkania.education\/wp-content\/uploads\/2021\/05\/Erzieher.jpg\" alt=\"\" class=\"wp-image-331 size-full\" srcset=\"https:\/\/vulkania.education\/wp-content\/uploads\/2021\/05\/Erzieher.jpg 640w, https:\/\/vulkania.education\/wp-content\/uploads\/2021\/05\/Erzieher-300x225.jpg 300w, https:\/\/vulkania.education\/wp-content\/uploads\/2021\/05\/Erzieher-350x263.jpg 350w\" sizes=\"auto, (max-width: 640px) 100vw, 640px\" \/><\/figure><div class=\"wp-block-media-text__content\">\n<p class=\"has-background\" style=\"background-color:#f3f3f3\"><strong>Sozialassistent (m\/w\/d)<\/strong><br><strong>Erzieher<\/strong> <strong>(m\/w\/d)<\/strong><br><strong>Physiotherapeut (m\/w\/d)<\/strong><br><strong>Ergotherapeut (m\/w\/d)<\/strong><br>Unsere Fachschulen bieten Pl\u00e4tze in den genannten Ausbildungsg\u00e4ngen zum Schuljahr 2023\/2024<\/p>\n<\/div><\/div>\n<\/div>\n<\/div>\n\n\n\n<p class=\"has-cyan-bluish-gray-background-color has-background\"><strong>Maurer (m\/w\/d)<\/strong> f\u00fcr unser Stammwerk in<br>Grebenhain gesucht. Sie arbeiten im Bereich<br>der schl\u00fcsselfertigen Fertigh\u00e4user.<\/p>\n\n\n\n<div class=\"wp-block-columns is-layout-flex wp-container-core-columns-is-layout-9d6595d7 wp-block-columns-is-layout-flex\">\n<div class=\"wp-block-column is-layout-flow wp-block-column-is-layout-flow\">\n<div class=\"wp-block-media-text alignwide is-stacked-on-mobile is-vertically-aligned-top\" style=\"grid-template-columns:32% auto\"><figure class=\"wp-block-media-text__media\"><img loading=\"lazy\" decoding=\"async\" width=\"1024\" height=\"682\" src=\"https:\/\/vulkania.education\/wp-content\/uploads\/2024\/03\/medical-563427_1280-1024x682.jpg\" alt=\"\" class=\"wp-image-493 size-full\" srcset=\"https:\/\/vulkania.education\/wp-content\/uploads\/2024\/03\/medical-563427_1280-1024x682.jpg 1024w, https:\/\/vulkania.education\/wp-content\/uploads\/2024\/03\/medical-563427_1280-300x200.jpg 300w, https:\/\/vulkania.education\/wp-content\/uploads\/2024\/03\/medical-563427_1280-768x512.jpg 768w, https:\/\/vulkania.education\/wp-content\/uploads\/2024\/03\/medical-563427_1280.jpg 1280w\" sizes=\"auto, (max-width: 767px) 89vw, (max-width: 1000px) 54vw, (max-width: 1071px) 543px, 580px\" \/><\/figure><div class=\"wp-block-media-text__content\">\n<p class=\"has-background\" style=\"background-color:#f3f3f3\">In der Vulkania-Klinik in Bad Zwesten bieten wir Interessierten <strong>Praktikumspl\u00e4tze im Bereich Medizin<\/strong><\/p>\n<\/div><\/div>\n\n\n\n<div class=\"wp-block-media-text alignwide is-stacked-on-mobile is-vertically-aligned-top\" style=\"grid-template-columns:32% auto\"><figure class=\"wp-block-media-text__media\"><img loading=\"lazy\" decoding=\"async\" width=\"1024\" height=\"682\" src=\"https:\/\/vulkania.education\/wp-content\/uploads\/2024\/03\/residence-2219972_1280-1024x682.jpg\" alt=\"\" class=\"wp-image-495 size-full\" srcset=\"https:\/\/vulkania.education\/wp-content\/uploads\/2024\/03\/residence-2219972_1280-1024x682.jpg 1024w, https:\/\/vulkania.education\/wp-content\/uploads\/2024\/03\/residence-2219972_1280-300x200.jpg 300w, https:\/\/vulkania.education\/wp-content\/uploads\/2024\/03\/residence-2219972_1280-768x512.jpg 768w, https:\/\/vulkania.education\/wp-content\/uploads\/2024\/03\/residence-2219972_1280.jpg 1280w\" sizes=\"auto, (max-width: 767px) 89vw, (max-width: 1000px) 54vw, (max-width: 1071px) 543px, 580px\" \/><\/figure><div class=\"wp-block-media-text__content\">\n<p class=\"has-background\" style=\"background-color:#f3f3f3\"><strong>Bankkaufmann (m\/w\/d)<\/strong><br>Ausbildungsstandort ist Fulda<\/p>\n<\/div><\/div>\n<\/div>\n<\/div>\n\n\n\n<div class=\"wp-block-columns is-layout-flex wp-container-core-columns-is-layout-9d6595d7 wp-block-columns-is-layout-flex\">\n<div class=\"wp-block-column is-layout-flow wp-block-column-is-layout-flow\" style=\"flex-basis:100%\">\n<div class=\"wp-block-media-text alignwide is-stacked-on-mobile is-vertically-aligned-top\" style=\"grid-template-columns:33% auto\"><figure class=\"wp-block-media-text__media\"><img loading=\"lazy\" decoding=\"async\" width=\"640\" height=\"427\" src=\"https:\/\/vulkania.education\/wp-content\/uploads\/2021\/05\/Programmierer.jpg\" alt=\"\" class=\"wp-image-332 size-full\" srcset=\"https:\/\/vulkania.education\/wp-content\/uploads\/2021\/05\/Programmierer.jpg 640w, https:\/\/vulkania.education\/wp-content\/uploads\/2021\/05\/Programmierer-300x200.jpg 300w, https:\/\/vulkania.education\/wp-content\/uploads\/2021\/05\/Programmierer-350x234.jpg 350w\" sizes=\"auto, (max-width: 640px) 100vw, 640px\" \/><\/figure><div class=\"wp-block-media-text__content\">\n<p class=\"has-background\" style=\"background-color:#f3f3f3\"><strong>Fachinformatiker Anwendungsentwicklung (m\/w\/d)<\/strong> f\u00fcr unser IT-Entwicklungszentrum in Reutlingen.<br><br>Ebenfalls in Reutlingen besteht die M\u00f6glichkeit eines <strong>dualen Studiums im Bereich IT-Sicherheit<\/strong>.<\/p>\n<\/div><\/div>\n\n\n\n<div class=\"wp-block-media-text alignwide is-stacked-on-mobile is-vertically-aligned-top\" style=\"grid-template-columns:33% auto\"><figure class=\"wp-block-media-text__media\"><img loading=\"lazy\" decoding=\"async\" width=\"640\" height=\"426\" src=\"https:\/\/vulkania.education\/wp-content\/uploads\/2021\/05\/KFZ-Oel.jpg\" alt=\"\" class=\"wp-image-351 size-thumbnail\" srcset=\"https:\/\/vulkania.education\/wp-content\/uploads\/2021\/05\/KFZ-Oel.jpg 640w, https:\/\/vulkania.education\/wp-content\/uploads\/2021\/05\/KFZ-Oel-300x200.jpg 300w, https:\/\/vulkania.education\/wp-content\/uploads\/2021\/05\/KFZ-Oel-350x233.jpg 350w\" sizes=\"auto, (max-width: 640px) 100vw, 640px\" \/><\/figure><div class=\"wp-block-media-text__content\">\n<p><\/p>\n\n\n\n<p class=\"has-background\" style=\"background-color:#f3f3f3\"><strong>KFZ-Mechatroniker (m\/w\/d)<\/strong> <br><strong>Fahrzeuglackierer (m\/w\/d) <\/strong>und<br><strong>Karosserie- und Fahrzeugbaumechaniker (m\/w\/d)<\/strong> f\u00fcr unser Autohaus in Lauterbach<\/p>\n<\/div><\/div>\n<\/div>\n<\/div>\n\n\n\n<p><\/p>\n\n\n\n<p class=\"has-cyan-bluish-gray-background-color has-background\"><strong>Gesundheits- und Kinderkrankenpfleger (m\/w\/d)<\/strong> <br><strong>Pflegefachkraft (m\/w\/d)<\/strong><br>Unsere Pflegefachschule nimmt ab sofort Anmeldungen f\u00fcr den Jahrgang 2022\/2023 entgegen. Bitte bewerben Sie sich mit den \u00fcblichen Unterlagen.<\/p>\n\n\n\n<div class=\"wp-block-media-text alignwide is-stacked-on-mobile is-vertically-aligned-top\" style=\"grid-template-columns:33% auto\"><figure class=\"wp-block-media-text__media\"><img loading=\"lazy\" decoding=\"async\" width=\"1024\" height=\"683\" src=\"https:\/\/vulkania.education\/wp-content\/uploads\/2021\/05\/Werkzeuge-1024x683.jpg\" alt=\"\" class=\"wp-image-337 size-full\" srcset=\"https:\/\/vulkania.education\/wp-content\/uploads\/2021\/05\/Werkzeuge-1024x683.jpg 1024w, https:\/\/vulkania.education\/wp-content\/uploads\/2021\/05\/Werkzeuge-300x200.jpg 300w, https:\/\/vulkania.education\/wp-content\/uploads\/2021\/05\/Werkzeuge-768x512.jpg 768w, https:\/\/vulkania.education\/wp-content\/uploads\/2021\/05\/Werkzeuge-1536x1024.jpg 1536w, https:\/\/vulkania.education\/wp-content\/uploads\/2021\/05\/Werkzeuge-350x233.jpg 350w, https:\/\/vulkania.education\/wp-content\/uploads\/2021\/05\/Werkzeuge.jpg 1920w\" sizes=\"auto, (max-width: 767px) 89vw, (max-width: 1000px) 54vw, (max-width: 1071px) 543px, 580px\" \/><\/figure><div class=\"wp-block-media-text__content\">\n<p class=\"has-background\" style=\"background-color:#f3f3f3\"><strong>Maler und Lackierer (m\/w\/d)<\/strong><br><strong>Anlagenmechaniker\/in &#8211; Sanit\u00e4r-, Heizungs- und Klimatechnik<\/strong> <strong>(m\/w\/d)<\/strong><br>f\u00fcr unser Stammwerk in Grebenhain gesucht. Hauptaufgabe ist der individuelle Innenausbau unserer exklusiven Fertighauslinie.<br><\/p>\n<\/div><\/div>\n\n\n\n<div class=\"wp-block-media-text alignwide is-stacked-on-mobile is-vertically-aligned-top\" style=\"grid-template-columns:33% auto\"><figure class=\"wp-block-media-text__media\"><img loading=\"lazy\" decoding=\"async\" width=\"640\" height=\"427\" src=\"https:\/\/vulkania.education\/wp-content\/uploads\/2021\/05\/Hotel.jpg\" alt=\"\" class=\"wp-image-339 size-full\" srcset=\"https:\/\/vulkania.education\/wp-content\/uploads\/2021\/05\/Hotel.jpg 640w, https:\/\/vulkania.education\/wp-content\/uploads\/2021\/05\/Hotel-300x200.jpg 300w, https:\/\/vulkania.education\/wp-content\/uploads\/2021\/05\/Hotel-350x234.jpg 350w\" sizes=\"auto, (max-width: 640px) 100vw, 640px\" \/><\/figure><div class=\"wp-block-media-text__content\">\n<p class=\"has-background\" style=\"background-color:#f3f3f3\">F\u00fcr unser neues Tagungszentrum in Fulda suchen wir Auszubildende (m\/w\/d) folgender Berufe:<br><strong>&#8211; Hotelfachmann<\/strong><br>&#8211; <strong>Kosmetiker<\/strong><br>&#8211; <strong>Friseur<\/strong><br><strong>&#8211; Fitnesstrainer<\/strong><\/p>\n<\/div><\/div>\n\n\n\n<p class=\"has-cyan-bluish-gray-background-color has-background\"><strong>Mediengestalter Digital und Print  (m\/w\/d)<\/strong> <br>In unserem Druckhaus in Gelnhausen werden s\u00e4mtliche Printmedien unseres Konzerns erstellt.<\/p>\n\n\n\n<div class=\"wp-block-media-text alignwide is-stacked-on-mobile is-vertically-aligned-top\" style=\"grid-template-columns:33% auto\"><figure class=\"wp-block-media-text__media\"><img loading=\"lazy\" decoding=\"async\" width=\"640\" height=\"458\" src=\"https:\/\/vulkania.education\/wp-content\/uploads\/2021\/05\/tijuana-2770121_640.jpg\" alt=\"\" class=\"wp-image-343 size-full\" srcset=\"https:\/\/vulkania.education\/wp-content\/uploads\/2021\/05\/tijuana-2770121_640.jpg 640w, https:\/\/vulkania.education\/wp-content\/uploads\/2021\/05\/tijuana-2770121_640-300x215.jpg 300w, https:\/\/vulkania.education\/wp-content\/uploads\/2021\/05\/tijuana-2770121_640-350x250.jpg 350w\" sizes=\"auto, (max-width: 640px) 100vw, 640px\" \/><\/figure><div class=\"wp-block-media-text__content\">\n<p class=\"has-background\" style=\"background-color:#f3f3f3\"><strong>Werkfeuerwehrmann (m\/w\/d)<\/strong><br><strong>Notfallsanit\u00e4ter (m\/w\/d)<\/strong> <br>Ausbildungsstandort ist am Flughafen Frankfurt<\/p>\n<\/div><\/div>\n\n\n\n<div class=\"wp-block-media-text alignwide is-stacked-on-mobile is-vertically-aligned-top\" style=\"grid-template-columns:33% auto\"><figure class=\"wp-block-media-text__media\"><img loading=\"lazy\" decoding=\"async\" width=\"640\" height=\"420\" src=\"https:\/\/vulkania.education\/wp-content\/uploads\/2021\/05\/ranch-4426781_640.jpg\" alt=\"\" class=\"wp-image-342 size-full\" srcset=\"https:\/\/vulkania.education\/wp-content\/uploads\/2021\/05\/ranch-4426781_640.jpg 640w, https:\/\/vulkania.education\/wp-content\/uploads\/2021\/05\/ranch-4426781_640-300x197.jpg 300w, https:\/\/vulkania.education\/wp-content\/uploads\/2021\/05\/ranch-4426781_640-350x230.jpg 350w\" sizes=\"auto, (max-width: 640px) 100vw, 640px\" \/><\/figure><div class=\"wp-block-media-text__content\">\n<p class=\"has-background\" style=\"background-color:#f3f3f3\"><strong>Pferdewirt (m\/w\/d)<\/strong>,<br><strong>Tierpfleger (m\/w\/d)<\/strong> und<br><strong>Fachkraft f\u00fcr Agrarservice (m\/w\/d)<\/strong> f\u00fcr unser Versuchsgut in Rudlos gesucht<\/p>\n<\/div><\/div>\n\n\n\n<p class=\"has-cyan-bluish-gray-background-color has-background\"><strong>Mechatroniker (m\/w\/d)<\/strong> f\u00fcr unser Druckhaus in Gelnhausen gesucht.  Hauptaufgabe ist die Wartung und Instandhaltung des Druckanlagen.<\/p>\n\n\n\n<div class=\"wp-block-media-text alignwide is-stacked-on-mobile is-vertically-aligned-top\" style=\"grid-template-columns:33% auto\"><figure class=\"wp-block-media-text__media\"><img loading=\"lazy\" decoding=\"async\" width=\"640\" height=\"425\" src=\"https:\/\/vulkania.education\/wp-content\/uploads\/2022\/03\/gamedesign.jpg\" alt=\"\" class=\"wp-image-382 size-full\" srcset=\"https:\/\/vulkania.education\/wp-content\/uploads\/2022\/03\/gamedesign.jpg 640w, https:\/\/vulkania.education\/wp-content\/uploads\/2022\/03\/gamedesign-300x199.jpg 300w, https:\/\/vulkania.education\/wp-content\/uploads\/2022\/03\/gamedesign-350x232.jpg 350w\" sizes=\"auto, (max-width: 640px) 100vw, 640px\" \/><\/figure><div class=\"wp-block-media-text__content\">\n<p class=\"has-background\" style=\"background-color:#f3f3f3\"><strong>Gamedesigner (m\/w\/d)<\/strong><br><br>Ausbildungsstandort ist Frankfurt<\/p>\n<\/div><\/div>\n\n\n\n<div class=\"wp-block-media-text alignwide is-stacked-on-mobile is-vertically-aligned-top\" style=\"grid-template-columns:33% auto\"><figure class=\"wp-block-media-text__media\"><img loading=\"lazy\" decoding=\"async\" width=\"1024\" height=\"682\" src=\"https:\/\/vulkania.education\/wp-content\/uploads\/2023\/04\/laboratory-2815641_1280-1024x682.jpg\" alt=\"\" class=\"wp-image-439 size-full\" srcset=\"https:\/\/vulkania.education\/wp-content\/uploads\/2023\/04\/laboratory-2815641_1280-1024x682.jpg 1024w, https:\/\/vulkania.education\/wp-content\/uploads\/2023\/04\/laboratory-2815641_1280-300x200.jpg 300w, https:\/\/vulkania.education\/wp-content\/uploads\/2023\/04\/laboratory-2815641_1280-768x512.jpg 768w, https:\/\/vulkania.education\/wp-content\/uploads\/2023\/04\/laboratory-2815641_1280-350x233.jpg 350w, https:\/\/vulkania.education\/wp-content\/uploads\/2023\/04\/laboratory-2815641_1280.jpg 1280w\" sizes=\"auto, (max-width: 767px) 89vw, (max-width: 1000px) 54vw, (max-width: 1071px) 543px, 580px\" \/><\/figure><div class=\"wp-block-media-text__content\">\n<p class=\"has-background\" style=\"background-color:#f3f3f3\"><strong>Packmitteltechnologe (m\/w\/d)<\/strong>,<br><strong>Physiklaborant \/m\/w\/d)<\/strong> und <strong>Industriekaufmann (m\/w\/d)<\/strong> f\u00fcr unser Werk &#8222;Vulkania Packings&#8220; gesucht. Ausbildungsstandort ist Frankfurt<\/p>\n<\/div><\/div>\n\n\n\n<p class=\"has-cyan-bluish-gray-background-color has-background\">Sie \u00fcberlegen, ob die Lehramtslaufbahn das Richtige f\u00fcr Sie ist? Dann bewerben Sie sich um einen <strong>Praktikumsplatz an unserer privaten Grundschule<\/strong> in Fulda-Lehnerz!<\/p>\n\n\n\n<div class=\"wp-block-media-text alignwide is-stacked-on-mobile is-vertically-aligned-top\" style=\"grid-template-columns:33% auto\"><figure class=\"wp-block-media-text__media\"><img loading=\"lazy\" decoding=\"async\" width=\"640\" height=\"426\" src=\"https:\/\/vulkania.education\/wp-content\/uploads\/2021\/05\/Architekt.jpg\" alt=\"\" class=\"wp-image-349 size-full\" srcset=\"https:\/\/vulkania.education\/wp-content\/uploads\/2021\/05\/Architekt.jpg 640w, https:\/\/vulkania.education\/wp-content\/uploads\/2021\/05\/Architekt-300x200.jpg 300w, https:\/\/vulkania.education\/wp-content\/uploads\/2021\/05\/Architekt-350x233.jpg 350w\" sizes=\"auto, (max-width: 640px) 100vw, 640px\" \/><\/figure><div class=\"wp-block-media-text__content\">\n<p class=\"has-background\" style=\"background-color:#f3f3f3\">In unserem Bauzentrum in Schl\u00fcchtern sind folgende Ausbildungspl\u00e4tze zu vergeben:<br><strong>Einzelhandelskaufmann (m\/w\/d)<\/strong><br><strong>Kaufmann f\u00fcr B\u00fcromanagement (m\/w\/d)<\/strong> <\/p>\n<\/div><\/div>\n\n\n\n<div class=\"wp-block-media-text alignwide is-stacked-on-mobile is-vertically-aligned-top\" style=\"grid-template-columns:33% auto\"><figure class=\"wp-block-media-text__media\"><img loading=\"lazy\" decoding=\"async\" width=\"640\" height=\"430\" src=\"https:\/\/vulkania.education\/wp-content\/uploads\/2021\/05\/truck-2920533_640.jpg\" alt=\"\" class=\"wp-image-352 size-thumbnail\" srcset=\"https:\/\/vulkania.education\/wp-content\/uploads\/2021\/05\/truck-2920533_640.jpg 640w, https:\/\/vulkania.education\/wp-content\/uploads\/2021\/05\/truck-2920533_640-300x202.jpg 300w, https:\/\/vulkania.education\/wp-content\/uploads\/2021\/05\/truck-2920533_640-350x235.jpg 350w\" sizes=\"auto, (max-width: 640px) 100vw, 640px\" \/><\/figure><div class=\"wp-block-media-text__content\">\n<p class=\"has-background\" style=\"background-color:#f3f3f3\"><strong>Land- und Baumaschinenmechatroniker (m\/w\/d)<\/strong>  f\u00fcr unseren Standort Schl\u00fcchtern in der dortigen Reparaturwerkstatt<\/p>\n<\/div><\/div>\n\n\n\n<p class=\"has-cyan-bluish-gray-background-color has-background\"><strong>Fachangestellter f\u00fcr B\u00e4derbetriebe (m\/w\/d)<\/strong> <br>Ausbildungsstandort ist im Freizeitzentrum Lauterbach<\/p>\n\n\n\n<div class=\"wp-block-media-text alignwide is-stacked-on-mobile is-vertically-aligned-top\" style=\"grid-template-columns:33% auto\"><figure class=\"wp-block-media-text__media\"><img loading=\"lazy\" decoding=\"async\" width=\"640\" height=\"427\" src=\"https:\/\/vulkania.education\/wp-content\/uploads\/2023\/04\/woman-6018388_640.jpg\" alt=\"\" class=\"wp-image-464 size-thumbnail\" srcset=\"https:\/\/vulkania.education\/wp-content\/uploads\/2023\/04\/woman-6018388_640.jpg 640w, https:\/\/vulkania.education\/wp-content\/uploads\/2023\/04\/woman-6018388_640-300x200.jpg 300w, https:\/\/vulkania.education\/wp-content\/uploads\/2023\/04\/woman-6018388_640-350x234.jpg 350w\" sizes=\"auto, (max-width: 640px) 100vw, 640px\" \/><\/figure><div class=\"wp-block-media-text__content\">\n<p class=\"has-background\" style=\"background-color:#f3f3f3\"><br><strong>Medizinischer Fachangestellter<\/strong> <strong>(m\/w\/d)<\/strong> und <strong>Pharmazeutisch-Kaufm\u00e4nnischer Angestellter (m\/w\/d)<\/strong> f\u00fcr unsere Klinik in Gedern. Weiterhin stehen hier auch <strong>Praktikumspl\u00e4tze im Bereich Medizin<\/strong> zur Verf\u00fcgung.<\/p>\n<\/div><\/div>\n\n\n\n<div class=\"wp-block-media-text alignwide is-stacked-on-mobile is-vertically-aligned-top\" style=\"grid-template-columns:33% auto\"><figure class=\"wp-block-media-text__media\"><img loading=\"lazy\" decoding=\"async\" width=\"640\" height=\"360\" src=\"https:\/\/vulkania.education\/wp-content\/uploads\/2021\/05\/car-3075471_640.jpg\" alt=\"\" class=\"wp-image-355 size-thumbnail\" srcset=\"https:\/\/vulkania.education\/wp-content\/uploads\/2021\/05\/car-3075471_640.jpg 640w, https:\/\/vulkania.education\/wp-content\/uploads\/2021\/05\/car-3075471_640-300x169.jpg 300w, https:\/\/vulkania.education\/wp-content\/uploads\/2021\/05\/car-3075471_640-350x197.jpg 350w\" sizes=\"auto, (max-width: 640px) 100vw, 640px\" \/><\/figure><div class=\"wp-block-media-text__content\">\n<p class=\"has-background\" style=\"background-color:#f3f3f3\">F\u00fcr unser Technologiezentrum in Kassel suchen wir Auszubildende als<br>&#8211;<strong>Technische Produktdesigner -Produktgestaltung<\/strong><br><strong>und -konstruktion (m\/w\/d)<\/strong><br>&#8211;<strong>Designer &#8211; Grafik<\/strong> <br>sowie <br><strong>Praktikanten (m\/w\/d) <\/strong>im Bereich <strong><br>Sales Management<\/strong> und <strong>Maschinenbau<\/strong><br><\/p>\n<\/div><\/div>\n\n\n\n<p class=\"has-cyan-bluish-gray-background-color has-background\"><strong>Fleischer (m\/w\/d)<\/strong> und<br><strong>Verk\u00e4ufer (m\/w\/d)<\/strong><br>Ausbildungsstandort ist unsere &#8222;Vulkania-Mall&#8220; in Gie\u00dfen, ein Kaufhaus mit den unterschiedlichsten Food- und NonFood-Abteilungen.<\/p>\n\n\n\n<div class=\"wp-block-media-text alignwide is-stacked-on-mobile is-vertically-aligned-top\" style=\"grid-template-columns:33% auto\"><figure class=\"wp-block-media-text__media\"><img loading=\"lazy\" decoding=\"async\" width=\"640\" height=\"426\" src=\"https:\/\/vulkania.education\/wp-content\/uploads\/2023\/04\/chairs-2181947_640.jpg\" alt=\"\" class=\"wp-image-479 size-thumbnail\" srcset=\"https:\/\/vulkania.education\/wp-content\/uploads\/2023\/04\/chairs-2181947_640.jpg 640w, https:\/\/vulkania.education\/wp-content\/uploads\/2023\/04\/chairs-2181947_640-300x200.jpg 300w, https:\/\/vulkania.education\/wp-content\/uploads\/2023\/04\/chairs-2181947_640-350x233.jpg 350w\" sizes=\"auto, (max-width: 640px) 100vw, 640px\" \/><\/figure><div class=\"wp-block-media-text__content\">\n<p class=\"has-background\" style=\"background-color:#f3f3f3\"><strong>Raumausstatter (m\/w\/d)<\/strong> f\u00fcr unseren Standort Grebenhain. Schwerpunkt ist die individuelle Gestaltung unserer Superior-Fertigh\u00e4user nach Kundenw\u00fcnschen. Gleichzeitig bieten wir hier Praktikumspl\u00e4tze f\u00fcr den Bereich <strong>Innenarchitektur.<\/strong><br><\/p>\n<\/div><\/div>\n\n\n\n<div class=\"wp-block-media-text alignwide is-stacked-on-mobile is-vertically-aligned-top\" style=\"grid-template-columns:33% auto\"><figure class=\"wp-block-media-text__media\"><img loading=\"lazy\" decoding=\"async\" width=\"640\" height=\"423\" src=\"https:\/\/vulkania.education\/wp-content\/uploads\/2021\/05\/group-1232896_640.jpg\" alt=\"\" class=\"wp-image-356 size-thumbnail\" srcset=\"https:\/\/vulkania.education\/wp-content\/uploads\/2021\/05\/group-1232896_640.jpg 640w, https:\/\/vulkania.education\/wp-content\/uploads\/2021\/05\/group-1232896_640-300x198.jpg 300w, https:\/\/vulkania.education\/wp-content\/uploads\/2021\/05\/group-1232896_640-350x231.jpg 350w\" sizes=\"auto, (max-width: 640px) 100vw, 640px\" \/><\/figure><div class=\"wp-block-media-text__content\">\n<p class=\"has-background\" style=\"background-color:#f3f3f3\">Unsere Vulkania-Klinik (Reha) in Bad Salzschlirf bietet einen Ausbildungsplatz zum<br><strong>Koch (m\/w\/d) <\/strong>sowie Praktikumspl\u00e4tze in folgenden Bereichen:<br><strong>&#8211; Sozialp\u00e4dagogik<br>&#8211; Kunsttherapie<\/strong><br>&#8211; <strong>Medizin<\/strong><br><\/p>\n<\/div><\/div>\n\n\n\n<p class=\"has-cyan-bluish-gray-background-color has-background\"><strong>Praktikumspl\u00e4tze in unserer Rechtsabteilung (m\/w\/d)<\/strong> sowie Ausbildungsplatz zum <strong>Rechtsanwaltsfachangestellten (m\/w\/d)<\/strong><br>an unserem Stammsitz in Grebenhain zu vergeben<\/p>\n\n\n\n<div class=\"wp-block-media-text alignwide is-stacked-on-mobile is-vertically-aligned-top\" style=\"grid-template-columns:33% auto\"><figure class=\"wp-block-media-text__media\"><img loading=\"lazy\" decoding=\"async\" width=\"640\" height=\"427\" src=\"https:\/\/vulkania.education\/wp-content\/uploads\/2021\/05\/health-4385852_640.jpg\" alt=\"\" class=\"wp-image-360 size-thumbnail\" srcset=\"https:\/\/vulkania.education\/wp-content\/uploads\/2021\/05\/health-4385852_640.jpg 640w, https:\/\/vulkania.education\/wp-content\/uploads\/2021\/05\/health-4385852_640-300x200.jpg 300w, https:\/\/vulkania.education\/wp-content\/uploads\/2021\/05\/health-4385852_640-350x234.jpg 350w\" sizes=\"auto, (max-width: 640px) 100vw, 640px\" \/><\/figure><div class=\"wp-block-media-text__content\">\n<p class=\"has-background\" style=\"background-color:#f3f3f3\"><strong>Tiermedizinischer Fachangestellter (m\/w\/d)<\/strong>,<br><strong>Tierpfleger (m\/w\/d)<\/strong>  sowie<br><strong>Praktikanten (m\/w\/d) im Bereich Tiermedizin<\/strong><br>f\u00fcr unsere Vulkania-Tierklinik in Schotten gesucht<br><\/p>\n<\/div><\/div>\n\n\n\n<p class=\"has-cyan-bluish-gray-background-color has-background\"><strong>Industriemechaniker (m\/w\/d)<\/strong><br><strong>Konstruktionsmechaniker (m\/w\/d)<\/strong><br><strong>Industriekaufmann (m\/w\/d)<\/strong><br>Ausbildungsstandort ist unser KFZ-Zulieferbetrieb in Kassel.<\/p>\n\n\n\n<div class=\"wp-block-media-text alignwide is-stacked-on-mobile is-vertically-aligned-top\" style=\"grid-template-columns:33% auto\"><figure class=\"wp-block-media-text__media\"><img loading=\"lazy\" decoding=\"async\" width=\"640\" height=\"425\" src=\"https:\/\/vulkania.education\/wp-content\/uploads\/2022\/03\/gamedesign.jpg\" alt=\"\" class=\"wp-image-382 size-thumbnail\" srcset=\"https:\/\/vulkania.education\/wp-content\/uploads\/2022\/03\/gamedesign.jpg 640w, https:\/\/vulkania.education\/wp-content\/uploads\/2022\/03\/gamedesign-300x199.jpg 300w, https:\/\/vulkania.education\/wp-content\/uploads\/2022\/03\/gamedesign-350x232.jpg 350w\" sizes=\"auto, (max-width: 640px) 100vw, 640px\" \/><\/figure><div class=\"wp-block-media-text__content\">\n<p class=\"has-background\" style=\"background-color:#f3f3f3\">Die &#8222;Vulcania Software Academy&#8220; in K\u00f6ln bietet noch freie <strong>Praktikumspl\u00e4tze im Bereich Softwareentwicklung<\/strong><br><\/p>\n\n\n\n<p><\/p>\n<\/div><\/div>\n\n\n\n<div class=\"wp-block-media-text alignwide is-stacked-on-mobile is-vertically-aligned-top\" style=\"grid-template-columns:33% auto\"><figure class=\"wp-block-media-text__media\"><img loading=\"lazy\" decoding=\"async\" width=\"640\" height=\"427\" src=\"https:\/\/vulkania.education\/wp-content\/uploads\/2023\/04\/garbage-cans-3979757_640-1.jpg\" alt=\"\" class=\"wp-image-472 size-thumbnail\" srcset=\"https:\/\/vulkania.education\/wp-content\/uploads\/2023\/04\/garbage-cans-3979757_640-1.jpg 640w, https:\/\/vulkania.education\/wp-content\/uploads\/2023\/04\/garbage-cans-3979757_640-1-300x200.jpg 300w, https:\/\/vulkania.education\/wp-content\/uploads\/2023\/04\/garbage-cans-3979757_640-1-350x234.jpg 350w\" sizes=\"auto, (max-width: 640px) 100vw, 640px\" \/><\/figure><div class=\"wp-block-media-text__content\">\n<p class=\"has-background\" style=\"background-color:#f3f3f3\"><strong>Florist (m\/w\/d)<\/strong><br>Ausbildungsstandort ist Fulda<\/p>\n\n\n\n<p><\/p>\n<\/div><\/div>\n\n\n\n<p>\/<\/p>\n\n\n\n<p class=\"has-cyan-bluish-gray-background-color has-background\"><strong>Elektroniker Ger\u00e4te und Systeme (m\/w\/d)<\/strong><br>Ausbildungsstandort ist unser KFZ-Zulieferbetrieb in Kassel.<br>Nach erfolgreichem Abschluss ist eine Weiterbildung zum <strong>Informationstechniker<\/strong> m\u00f6glich<\/p>\n\n\n\n<div class=\"wp-block-media-text alignwide is-stacked-on-mobile is-vertically-aligned-top\" style=\"grid-template-columns:33% auto\"><figure class=\"wp-block-media-text__media\"><img loading=\"lazy\" decoding=\"async\" width=\"640\" height=\"426\" src=\"https:\/\/vulkania.education\/wp-content\/uploads\/2022\/03\/Grafikdesign.jpg\" alt=\"\" class=\"wp-image-396 size-thumbnail\" srcset=\"https:\/\/vulkania.education\/wp-content\/uploads\/2022\/03\/Grafikdesign.jpg 640w, https:\/\/vulkania.education\/wp-content\/uploads\/2022\/03\/Grafikdesign-300x200.jpg 300w, https:\/\/vulkania.education\/wp-content\/uploads\/2022\/03\/Grafikdesign-350x233.jpg 350w\" sizes=\"auto, (max-width: 640px) 100vw, 640px\" \/><\/figure><div class=\"wp-block-media-text__content\">\n<p class=\"has-background\" style=\"background-color:#f3f3f3\">Eine Ausbildung zum <strong>Designer &#8211; Grafik (m\/w\/d)<\/strong> ist m\u00f6glich an unserem Fachschulzentrum in K\u00f6ln, daneben bieten wir <strong>Praktikumspl\u00e4tze im Bereich Marketing<\/strong> in unserem Druckhaus in Gelnhausen.<\/p>\n\n\n\n<p><\/p>\n<\/div><\/div>\n\n\n\n<div class=\"wp-block-media-text alignwide is-stacked-on-mobile is-vertically-aligned-top\" style=\"grid-template-columns:33% auto\"><figure class=\"wp-block-media-text__media\"><img loading=\"lazy\" decoding=\"async\" width=\"640\" height=\"426\" src=\"https:\/\/vulkania.education\/wp-content\/uploads\/2022\/03\/chainsaw-4815949_640.jpg\" alt=\"\" class=\"wp-image-401 size-thumbnail\" srcset=\"https:\/\/vulkania.education\/wp-content\/uploads\/2022\/03\/chainsaw-4815949_640.jpg 640w, https:\/\/vulkania.education\/wp-content\/uploads\/2022\/03\/chainsaw-4815949_640-300x200.jpg 300w, https:\/\/vulkania.education\/wp-content\/uploads\/2022\/03\/chainsaw-4815949_640-350x233.jpg 350w\" sizes=\"auto, (max-width: 640px) 100vw, 640px\" \/><\/figure><div class=\"wp-block-media-text__content\">\n<p class=\"has-background\" style=\"background-color:#f3f3f3\"><strong>Landschaftsg\u00e4rtner (m\/w\/d)<\/strong> <br>Ausbildungsort ist Ulrichstein<\/p>\n\n\n\n<p><\/p>\n<\/div><\/div>\n\n\n\n<p><\/p>\n\n\n\n<p class=\"has-background\" style=\"background-color:#e99a9a\"><strong>Wider Erwarten nicht das Richtige dabei? <\/strong>Dann haben wir hier einige weitere Ausbildungsplatzangebote, die Sie vielleicht interessieren k\u00f6nnten. Senden Sie in diesem Fall Ihre Bewerbungen ebenfalls an unsere Personalabteilung, wir leiten die Dokumente weiter: <br><strong>thomas.luft@vogelsbergkreis.de<\/strong><\/p>\n\n\n\n<p><\/p>\n\n\n\n<pre class=\"wp-block-preformatted\">Die Modeagentur \"Your Face\" ist auf der Suche nach neuen Talenten im Bereich <strong>Model<\/strong><\/pre>\n\n\n\n<div class=\"wp-block-media-text alignwide is-stacked-on-mobile is-vertically-aligned-top\" style=\"grid-template-columns:33% auto\"><figure class=\"wp-block-media-text__media\"><img loading=\"lazy\" decoding=\"async\" width=\"111\" height=\"112\" src=\"https:\/\/vulkania.education\/wp-content\/uploads\/2022\/04\/temp-polizeistern_gross.png\" alt=\"\" class=\"wp-image-409 size-thumbnail\" srcset=\"https:\/\/vulkania.education\/wp-content\/uploads\/2022\/04\/temp-polizeistern_gross.png 111w, https:\/\/vulkania.education\/wp-content\/uploads\/2022\/04\/temp-polizeistern_gross-100x100.png 100w, https:\/\/vulkania.education\/wp-content\/uploads\/2022\/04\/temp-polizeistern_gross-45x45.png 45w\" sizes=\"auto, (max-width: 111px) 100vw, 111px\" \/><\/figure><div class=\"wp-block-media-text__content\">\n<p class=\"has-background\" style=\"background-color:#f3f3f3\">Die Polizei Hessen sucht Beamtenanw\u00e4rter, sowohl f\u00fcr die gehobene als auch die mittlere Laufbahn<br><\/p>\n<\/div><\/div>\n\n\n\n<div class=\"wp-block-media-text alignwide is-stacked-on-mobile is-vertically-aligned-top\" style=\"grid-template-columns:33% auto\"><figure class=\"wp-block-media-text__media\"><img loading=\"lazy\" decoding=\"async\" width=\"1024\" height=\"751\" src=\"https:\/\/vulkania.education\/wp-content\/uploads\/2022\/03\/Bundeswehr-1024x751.jpeg\" alt=\"\" class=\"wp-image-393 size-thumbnail\" srcset=\"https:\/\/vulkania.education\/wp-content\/uploads\/2022\/03\/Bundeswehr-1024x751.jpeg 1024w, https:\/\/vulkania.education\/wp-content\/uploads\/2022\/03\/Bundeswehr-300x220.jpeg 300w, https:\/\/vulkania.education\/wp-content\/uploads\/2022\/03\/Bundeswehr-768x563.jpeg 768w, https:\/\/vulkania.education\/wp-content\/uploads\/2022\/03\/Bundeswehr-350x257.jpeg 350w, https:\/\/vulkania.education\/wp-content\/uploads\/2022\/03\/Bundeswehr.jpeg 1500w\" sizes=\"auto, (max-width: 767px) 89vw, (max-width: 1000px) 54vw, (max-width: 1071px) 543px, 580px\" \/><\/figure><div class=\"wp-block-media-text__content\">\n<p class=\"has-background\" style=\"background-color:#f3f3f3\">Die<strong> Bundeswehr<\/strong> bietet diverse Stellen sowohl im milit\u00e4rischen als auch im nichtmilit\u00e4rischen Bereich<br><\/p>\n<\/div><\/div>\n\n\n\n<div class=\"wp-block-media-text alignwide is-stacked-on-mobile is-vertically-aligned-top\" style=\"grid-template-columns:33% auto\"><figure class=\"wp-block-media-text__media\"><img loading=\"lazy\" decoding=\"async\" width=\"640\" height=\"426\" src=\"https:\/\/vulkania.education\/wp-content\/uploads\/2021\/05\/aircraft-2104594_640.jpg\" alt=\"\" class=\"wp-image-362 size-thumbnail\" srcset=\"https:\/\/vulkania.education\/wp-content\/uploads\/2021\/05\/aircraft-2104594_640.jpg 640w, https:\/\/vulkania.education\/wp-content\/uploads\/2021\/05\/aircraft-2104594_640-300x200.jpg 300w, https:\/\/vulkania.education\/wp-content\/uploads\/2021\/05\/aircraft-2104594_640-350x233.jpg 350w\" sizes=\"auto, (max-width: 640px) 100vw, 640px\" \/><\/figure><div class=\"wp-block-media-text__content\">\n<p class=\"has-luminous-vivid-orange-color has-text-color has-background\" style=\"background-color:#f3f3f3\"><strong>easyJet<\/strong><\/p>\n\n\n\n<p class=\"has-white-color has-luminous-vivid-orange-background-color has-text-color has-background\">angehende <strong>Flugbegleiter\/innen <\/strong>gesucht. Sie sind belastbar, offen im Umgang mit Menschen und suchen den etwas anderen Beruf? Bewerben Sie sich!<\/p>\n<\/div><\/div>\n\n\n\n<div class=\"wp-block-media-text alignwide is-stacked-on-mobile is-vertically-aligned-top\" style=\"grid-template-columns:33% auto\"><figure class=\"wp-block-media-text__media\"><img loading=\"lazy\" decoding=\"async\" width=\"172\" height=\"68\" src=\"https:\/\/vulkania.education\/wp-content\/uploads\/2024\/04\/csm_fulda-unsere-stadt_60aeca8df1.png\" alt=\"\" class=\"wp-image-509 size-thumbnail\"\/><\/figure><div class=\"wp-block-media-text__content\">\n<p class=\"has-background\" style=\"background-color:#f3f3f3\">Die Stadt Fulda bietet zum Sommer 2025 Ausbildungspl\u00e4tze als <strong>Verwaltungsfachangestellter (m\/w\/d)<\/strong><\/p>\n\n\n\n<p><\/p>\n<\/div><\/div>\n","protected":false},"excerpt":{"rendered":"<p>Stillstand bedeutet R\u00fcckschritt. Daher wollen wir immer besser werden &#8211; gemeinsam mit Ihnen. Sie sind an einer Ausbildung interessiert? Dann erwarten wir Ihre aussagekr\u00e4ftige Bewerbung (mit Lichtbild und Lebenslauf) als PDF-Datei per E-Mail an den Leiter unserer Personalabteilung, Herrn Luft: thomas.luft@vogelsbergkreis.de Derzeit bieten wir folgende Ausbildungs- und Praktikumspl\u00e4tze: Zimmerer (m\/w\/d) undDachdecker (m\/w\/d) f\u00fcr unser Stammwerk &hellip; <\/p>\n<p class=\"link-more\"><a href=\"https:\/\/vulkania.education\/?page_id=445\" class=\"more-link\"><span class=\"screen-reader-text\">\u201eJobs und Ausbildung\u201c <\/span>weiterlesen<\/a><\/p>\n","protected":false},"author":1,"featured_media":0,"parent":0,"menu_order":0,"comment_status":"closed","ping_status":"closed","template":"","meta":{"footnotes":""},"class_list":["post-445","page","type-page","status-publish","hentry"],"_links":{"self":[{"href":"https:\/\/vulkania.education\/index.php?rest_route=\/wp\/v2\/pages\/445","targetHints":{"allow":["GET"]}}],"collection":[{"href":"https:\/\/vulkania.education\/index.php?rest_route=\/wp\/v2\/pages"}],"about":[{"href":"https:\/\/vulkania.education\/index.php?rest_route=\/wp\/v2\/types\/page"}],"author":[{"embeddable":true,"href":"https:\/\/vulkania.education\/index.php?rest_route=\/wp\/v2\/users\/1"}],"replies":[{"embeddable":true,"href":"https:\/\/vulkania.education\/index.php?rest_route=%2Fwp%2Fv2%2Fcomments&post=445"}],"version-history":[{"count":30,"href":"https:\/\/vulkania.education\/index.php?rest_route=\/wp\/v2\/pages\/445\/revisions"}],"predecessor-version":[{"id":521,"href":"https:\/\/vulkania.education\/index.php?rest_route=\/wp\/v2\/pages\/445\/revisions\/521"}],"wp:attachment":[{"href":"https:\/\/vulkania.education\/index.php?rest_route=%2Fwp%2Fv2%2Fmedia&parent=445"}],"curies":[{"name":"wp","href":"https:\/\/api.w.org\/{rel}","templated":true}]}}